{"id":2328,"date":"2018-06-27T14:22:07","date_gmt":"2018-06-27T14:22:07","guid":{"rendered":"https:\/\/www.hotelalcantara.es\/hotel\/zonas-comunes\/"},"modified":"2025-08-13T23:08:43","modified_gmt":"2025-08-13T21:08:43","slug":"spazi-in-comune","status":"publish","type":"page","link":"https:\/\/www.hotelalcantara.es\/it\/hotel\/spazi-in-comune\/","title":{"rendered":"Spazi in comune"},"content":{"rendered":"<div id='full_slider_1'  class='avia-fullwidth-slider main_color avia-shadow   avia-builder-el-0  el_before_av_section  avia-builder-el-first   container_wrap fullsize'  >\n<style type=\"text\/css\" data-created_by=\"avia_inline_auto\" id=\"style-css-av-av_slideshow_full-32de997090c749a8c82b86d1ff824dd4\">\n#top .avia-slideshow .av-slideshow-caption.av-av_slideshow_full-32de997090c749a8c82b86d1ff824dd4__0 .avia-caption-content{\nfont-size:50px;\ncolor:#ffffff;\n}\n#top .avia-slideshow .av-slideshow-caption.av-av_slideshow_full-32de997090c749a8c82b86d1ff824dd4__0 .avia-caption-content p{\nfont-size:50px;\n}\n<\/style>\n<div  class='avia-slideshow av-av_slideshow_full-32de997090c749a8c82b86d1ff824dd4 avia-slideshow-featured av_slideshow_full avia-slide-slider av-slideshow-ui av-control-default av-slideshow-manual av-loop-once av-loop-manual-endless av-default-height-applied   avia-slideshow-1' data-slideshow-options=\"{&quot;animation&quot;:&quot;slide&quot;,&quot;autoplay&quot;:false,&quot;loop_autoplay&quot;:&quot;once&quot;,&quot;interval&quot;:5,&quot;loop_manual&quot;:&quot;manual-endless&quot;,&quot;autoplay_stopper&quot;:false,&quot;noNavigation&quot;:false,&quot;bg_slider&quot;:false,&quot;keep_padding&quot;:false,&quot;hoverpause&quot;:false,&quot;show_slide_delay&quot;:0}\" ><ul class='avia-slideshow-inner ' style='padding-bottom: 23.285714285714%;'><li  class='avia-slideshow-slide av-av_slideshow_full-32de997090c749a8c82b86d1ff824dd4__0  av-single-slide slide-1 slide-odd'><div data-rel='slideshow-1' class='avia-slide-wrap '   ><div class='av-slideshow-caption av-av_slideshow_full-32de997090c749a8c82b86d1ff824dd4__0 caption_fullwidth caption_center'><div class=\"container caption_container\"><div class=\"slideshow_caption\"><div class=\"slideshow_inner_caption\"><div class=\"slideshow_align_caption\"><div class='avia-caption-content av_inherit_color' ><p><span class=\"sombra\">LUOGHI DI <b>INCONTRI<\/b><\/span><\/p>\n<\/div><\/div><\/div><\/div><\/div><\/div><img decoding=\"async\" fetchpriority=\"high\" class=\"wp-image-2921 avia-img-lazy-loading-not-2921\"  src=\"https:\/\/www.hotelalcantara.es\/wp-content\/uploads\/2018\/08\/comunes.jpg\" width=\"1400\" height=\"326\" title='comunes' alt='' srcset=\"https:\/\/www.hotelalcantara.es\/wp-content\/uploads\/2018\/08\/comunes.jpg 1400w, https:\/\/www.hotelalcantara.es\/wp-content\/uploads\/2018\/08\/comunes-300x70.jpg 300w, https:\/\/www.hotelalcantara.es\/wp-content\/uploads\/2018\/08\/comunes-768x179.jpg 768w, https:\/\/www.hotelalcantara.es\/wp-content\/uploads\/2018\/08\/comunes-1030x240.jpg 1030w, https:\/\/www.hotelalcantara.es\/wp-content\/uploads\/2018\/08\/comunes-705x164.jpg 705w\" sizes=\"(max-width: 1400px) 100vw, 1400px\" \/><\/div><\/li><\/ul><\/div><\/div>\n<div id='av_section_1'  class='avia-section av-av_section-2dcda1862a94bb522b437cf4f29dd74d main_color avia-section-default avia-no-shadow  avia-builder-el-1  el_after_av_slideshow_full  el_before_av_section  avia-bg-style-scroll container_wrap fullsize'  ><div class='container av-section-cont-open' ><div class='template-page content  av-content-full alpha units'><div class='post-entry post-entry-type-page post-entry-2328'><div class='entry-content-wrapper clearfix'>\n\n<style type=\"text\/css\" data-created_by=\"avia_inline_auto\" id=\"style-css-av-av_one_full-15d750bd1b332b34c6e70b077ebbccdf\">\n.flex_column.av-av_one_full-15d750bd1b332b34c6e70b077ebbccdf{\nborder-radius:0px 0px 0px 0px;\npadding:0px 0px 0px 0px;\n}\n<\/style>\n<div  class='flex_column av-av_one_full-15d750bd1b332b34c6e70b077ebbccdf av_one_full  avia-builder-el-2  avia-builder-el-no-sibling  first flex_column_div av-zero-column-padding  '     ><section  class='av_textblock_section av-meagpsf4-db6dfddcc39aa370e6f5a7064eb615f6 '  ><div class='avia_textblock' ><h1>Spazi <strong>in comune<\/strong><\/h1>\n<p>La maggior parte delle camere circondano il cortile secondo lo schema tardizionale di una tipica casa andalusa dove questo spazio costituisce il perno della vita dei suoi abitanti nella maggior parte dell\u2019anno.<\/p>\n<p>En la <em>hall<\/em>, con apertura sul cortile, si svolge la colazione, un <em>buffet<\/em> freddo che pu\u00f2 essere consumato anche all\u2019aria aperta gran parte dell\u2019anno..<\/p>\n<\/div><\/section><\/div><\/div><\/div><\/div><!-- close content main div --><\/div><\/div><div id='av_section_2'  class='avia-section av-av_section-2bb5dbc2f4280f0fa9c0823dd68eaa60 main_color avia-section-small avia-no-border-styling  avia-builder-el-4  el_after_av_section  avia-builder-el-last  avia-bg-style-scroll container_wrap fullsize'  ><div class='container av-section-cont-open' ><div class='template-page content  av-content-full alpha units'><div class='post-entry post-entry-type-page post-entry-2328'><div class='entry-content-wrapper clearfix'>\n\n<style type=\"text\/css\" data-created_by=\"avia_inline_auto\" id=\"style-css-av-av_one_half-15d750bd1b332b34c6e70b077ebbccdf\">\n.flex_column.av-av_one_half-15d750bd1b332b34c6e70b077ebbccdf{\nborder-radius:0px 0px 0px 0px;\npadding:0px 0px 0px 0px;\n}\n<\/style>\n<div  class='flex_column av-av_one_half-15d750bd1b332b34c6e70b077ebbccdf av_one_half  avia-builder-el-5  el_before_av_one_half  avia-builder-el-first  first flex_column_div av-zero-column-padding  '     ><p>\n<style type=\"text\/css\" data-created_by=\"avia_inline_auto\" id=\"style-css-av-av_heading-6495b23f4bf1d92e8ba14ee165637987\">\n#top .av-special-heading.av-av_heading-6495b23f4bf1d92e8ba14ee165637987{\npadding-bottom:10px;\nfont-size:27px;\n}\nbody .av-special-heading.av-av_heading-6495b23f4bf1d92e8ba14ee165637987 .av-special-heading-tag .heading-char{\nfont-size:25px;\n}\n#top #wrap_all .av-special-heading.av-av_heading-6495b23f4bf1d92e8ba14ee165637987 .av-special-heading-tag{\nfont-size:27px;\n}\n.av-special-heading.av-av_heading-6495b23f4bf1d92e8ba14ee165637987 .av-subheading{\nfont-size:15px;\n}\n\n@media only screen and (min-width: 480px) and (max-width: 767px){ \n#top #wrap_all .av-special-heading.av-av_heading-6495b23f4bf1d92e8ba14ee165637987 .av-special-heading-tag{\nfont-size:0.8em;\n}\n}\n\n@media only screen and (max-width: 479px){ \n#top #wrap_all .av-special-heading.av-av_heading-6495b23f4bf1d92e8ba14ee165637987 .av-special-heading-tag{\nfont-size:0.8em;\n}\n}\n<\/style>\n<div  class='av-special-heading av-av_heading-6495b23f4bf1d92e8ba14ee165637987 av-special-heading-h3 blockquote modern-quote  avia-builder-el-6  el_before_av_image  avia-builder-el-first  av-inherit-size'><h3 class='av-special-heading-tag '  >Il Cortile<\/h3><div class=\"special-heading-border\"><div class=\"special-heading-inner-border\"><\/div><\/div><\/div><br \/>\n\n<style type=\"text\/css\" data-created_by=\"avia_inline_auto\" id=\"style-css-av-av_image-1cd0c96b46a19f6569c4d910fcbe96fa\">\n.avia-image-container.av-av_image-1cd0c96b46a19f6569c4d910fcbe96fa img.avia_image{\nbox-shadow:none;\n}\n.avia-image-container.av-av_image-1cd0c96b46a19f6569c4d910fcbe96fa .av-image-caption-overlay-center{\ncolor:#ffffff;\n}\n<\/style>\n<div  class='avia-image-container av-av_image-1cd0c96b46a19f6569c4d910fcbe96fa av-styling- av-img-linked avia-align-center  avia-builder-el-7  el_after_av_heading  el_before_av_textblock '  ><div class=\"avia-image-container-inner\"><div class=\"avia-image-overlay-wrap\"><a href=\"https:\/\/www.hotelalcantara.es\/wp-content\/uploads\/2018\/08\/patioalcantara.jpg\" data-srcset=\"https:\/\/www.hotelalcantara.es\/wp-content\/uploads\/2018\/08\/patioalcantara.jpg 1000w, https:\/\/www.hotelalcantara.es\/wp-content\/uploads\/2018\/08\/patioalcantara-300x203.jpg 300w, https:\/\/www.hotelalcantara.es\/wp-content\/uploads\/2018\/08\/patioalcantara-768x519.jpg 768w, https:\/\/www.hotelalcantara.es\/wp-content\/uploads\/2018\/08\/patioalcantara-705x477.jpg 705w\" data-sizes=\"(max-width: 1000px) 100vw, 1000px\" class='avia_image '  aria-label='patioalcantara'><img decoding=\"async\" fetchpriority=\"high\" class='wp-image-2735 avia-img-lazy-loading-not-2735 avia_image ' src=\"https:\/\/www.hotelalcantara.es\/wp-content\/uploads\/2018\/08\/patioalcantara.jpg\" alt='' title='patioalcantara'  height=\"676\" width=\"1000\" srcset=\"https:\/\/www.hotelalcantara.es\/wp-content\/uploads\/2018\/08\/patioalcantara.jpg 1000w, https:\/\/www.hotelalcantara.es\/wp-content\/uploads\/2018\/08\/patioalcantara-300x203.jpg 300w, https:\/\/www.hotelalcantara.es\/wp-content\/uploads\/2018\/08\/patioalcantara-768x519.jpg 768w, https:\/\/www.hotelalcantara.es\/wp-content\/uploads\/2018\/08\/patioalcantara-705x477.jpg 705w\" sizes=\"(max-width: 1000px) 100vw, 1000px\" \/><\/a><\/div><\/div><\/div><br \/>\n<section  class='av_textblock_section av-av_textblock-2de302bf1aa3cf4c9157dbe6f50ac7eb '  ><div class='avia_textblock' ><div class=\"texto_acordeon\">\n<p style=\"text-align: left;\"><strong>Il centro su cui tutto ruota<\/strong><\/p>\n<p style=\"text-align: left;\">Costituisce il perno della vita dei suoi abitanti.<\/p>\n<\/div>\n<\/div><\/section><\/p><\/div>\n<style type=\"text\/css\" data-created_by=\"avia_inline_auto\" id=\"style-css-av-av_one_half-c8fc129dc35fd1ae2a1e410224d39ea8\">\n.flex_column.av-av_one_half-c8fc129dc35fd1ae2a1e410224d39ea8{\nborder-radius:0px 0px 0px 0px;\npadding:0px 0px 0px 0px;\n}\n<\/style>\n<div  class='flex_column av-av_one_half-c8fc129dc35fd1ae2a1e410224d39ea8 av_one_half  avia-builder-el-9  el_after_av_one_half  el_before_av_one_full  flex_column_div av-zero-column-padding  '     ><p>\n<style type=\"text\/css\" data-created_by=\"avia_inline_auto\" id=\"style-css-av-meagq20k-56c841d8f356052fb691c14187302207\">\n#top .av-special-heading.av-meagq20k-56c841d8f356052fb691c14187302207{\npadding-bottom:10px;\nfont-size:27px;\n}\nbody .av-special-heading.av-meagq20k-56c841d8f356052fb691c14187302207 .av-special-heading-tag .heading-char{\nfont-size:25px;\n}\n#top #wrap_all .av-special-heading.av-meagq20k-56c841d8f356052fb691c14187302207 .av-special-heading-tag{\nfont-size:27px;\n}\n.av-special-heading.av-meagq20k-56c841d8f356052fb691c14187302207 .av-subheading{\nfont-size:15px;\n}\n\n@media only screen and (min-width: 480px) and (max-width: 767px){ \n#top #wrap_all .av-special-heading.av-meagq20k-56c841d8f356052fb691c14187302207 .av-special-heading-tag{\nfont-size:0.8em;\n}\n}\n\n@media only screen and (max-width: 479px){ \n#top #wrap_all .av-special-heading.av-meagq20k-56c841d8f356052fb691c14187302207 .av-special-heading-tag{\nfont-size:0.8em;\n}\n}\n<\/style>\n<div  class='av-special-heading av-meagq20k-56c841d8f356052fb691c14187302207 av-special-heading-h3 blockquote modern-quote  avia-builder-el-10  el_before_av_image  avia-builder-el-first  av-inherit-size'><h3 class='av-special-heading-tag '  ><em>La Hall<\/em> &#8211; Sala Colazione<\/h3><div class=\"special-heading-border\"><div class=\"special-heading-inner-border\"><\/div><\/div><\/div><br \/>\n\n<style type=\"text\/css\" data-created_by=\"avia_inline_auto\" id=\"style-css-av-lp1l0qpl-b76b35d607bead74bc19e898a405009c\">\n.avia-image-container.av-lp1l0qpl-b76b35d607bead74bc19e898a405009c img.avia_image{\nbox-shadow:none;\n}\n.avia-image-container.av-lp1l0qpl-b76b35d607bead74bc19e898a405009c .av-image-caption-overlay-center{\ncolor:#ffffff;\n}\n<\/style>\n<div  class='avia-image-container av-lp1l0qpl-b76b35d607bead74bc19e898a405009c av-styling- av-img-linked avia-align-center  avia-builder-el-11  el_after_av_heading  el_before_av_textblock '  ><div class=\"avia-image-container-inner\"><div class=\"avia-image-overlay-wrap\"><a href=\"https:\/\/www.hotelalcantara.es\/wp-content\/uploads\/2023\/11\/hall-comedor.jpg\" data-srcset=\"https:\/\/www.hotelalcantara.es\/wp-content\/uploads\/2023\/11\/hall-comedor.jpg 800w, https:\/\/www.hotelalcantara.es\/wp-content\/uploads\/2023\/11\/hall-comedor-300x204.jpg 300w, https:\/\/www.hotelalcantara.es\/wp-content\/uploads\/2023\/11\/hall-comedor-768x522.jpg 768w, https:\/\/www.hotelalcantara.es\/wp-content\/uploads\/2023\/11\/hall-comedor-705x479.jpg 705w\" data-sizes=\"(max-width: 800px) 100vw, 800px\" class='avia_image '  aria-label='Hall-Comedor'><img decoding=\"async\" fetchpriority=\"high\" class='wp-image-3868 avia-img-lazy-loading-not-3868 avia_image ' src=\"https:\/\/www.hotelalcantara.es\/wp-content\/uploads\/2023\/11\/hall-comedor.jpg\" alt='' title='Hall-Comedor'  height=\"544\" width=\"800\" srcset=\"https:\/\/www.hotelalcantara.es\/wp-content\/uploads\/2023\/11\/hall-comedor.jpg 800w, https:\/\/www.hotelalcantara.es\/wp-content\/uploads\/2023\/11\/hall-comedor-300x204.jpg 300w, https:\/\/www.hotelalcantara.es\/wp-content\/uploads\/2023\/11\/hall-comedor-768x522.jpg 768w, https:\/\/www.hotelalcantara.es\/wp-content\/uploads\/2023\/11\/hall-comedor-705x479.jpg 705w\" sizes=\"(max-width: 800px) 100vw, 800px\" \/><\/a><\/div><\/div><\/div><br \/>\n<section  class='av_textblock_section av-av_textblock-2de302bf1aa3cf4c9157dbe6f50ac7eb '  ><div class='avia_textblock' ><div class=\"texto_acordeon\">\n<p style=\"text-align: left;\"><strong>Un luogo d\u2019incontro<\/strong><\/p>\n<p style=\"text-align: left;\">Con finestroni che si affacciano sul cortile, di mattina viene anche utilizzata per servire la colazione. Il resto del giorno, funziona come punto di incontro, dove staremo a disposizione per aiutarti con tutto quello di cui avrai bisogno durante il tuo soggiorno.<\/p>\n<\/div>\n<\/div><\/section><\/p><\/div>\n<style type=\"text\/css\" data-created_by=\"avia_inline_auto\" id=\"style-css-av-av_one_full-15d750bd1b332b34c6e70b077ebbccdf\">\n.flex_column.av-av_one_full-15d750bd1b332b34c6e70b077ebbccdf{\nborder-radius:0px 0px 0px 0px;\npadding:0px 0px 0px 0px;\n}\n<\/style>\n<div  class='flex_column av-av_one_full-15d750bd1b332b34c6e70b077ebbccdf av_one_full  avia-builder-el-13  el_after_av_one_half  avia-builder-el-last  first flex_column_div av-zero-column-padding  column-top-margin'     ><p>\n<style type=\"text\/css\" data-created_by=\"avia_inline_auto\" id=\"style-css-av-av_image-8b1338343053ef283f1c6578748ac013\">\n.avia-image-container.av-av_image-8b1338343053ef283f1c6578748ac013 img.avia_image{\nbox-shadow:none;\n}\n.avia-image-container.av-av_image-8b1338343053ef283f1c6578748ac013 .av-image-caption-overlay-center{\ncolor:#ffffff;\n}\n<\/style>\n<div  class='avia-image-container av-av_image-8b1338343053ef283f1c6578748ac013 av-styling- avia-align-center  avia-builder-el-14  el_before_av_heading  avia-builder-el-first '  ><div class=\"avia-image-container-inner\"><div class=\"avia-image-overlay-wrap\"><img decoding=\"async\" fetchpriority=\"high\" class='wp-image-2910 avia-img-lazy-loading-not-2910 avia_image ' src=\"https:\/\/www.hotelalcantara.es\/wp-content\/uploads\/2019\/10\/abanico.png\" alt='' title='abanico'  height=\"32\" width=\"46\"  \/><\/div><\/div><\/div><br \/>\n\n<style type=\"text\/css\" data-created_by=\"avia_inline_auto\" id=\"style-css-av-av_heading-e5b24f5bb4bb15087ab54a5f362a4790\">\n#top .av-special-heading.av-av_heading-e5b24f5bb4bb15087ab54a5f362a4790{\npadding-bottom:10px;\nfont-size:27px;\n}\nbody .av-special-heading.av-av_heading-e5b24f5bb4bb15087ab54a5f362a4790 .av-special-heading-tag .heading-char{\nfont-size:25px;\n}\n#top #wrap_all .av-special-heading.av-av_heading-e5b24f5bb4bb15087ab54a5f362a4790 .av-special-heading-tag{\nfont-size:27px;\n}\n.av-special-heading.av-av_heading-e5b24f5bb4bb15087ab54a5f362a4790 .av-subheading{\nfont-size:15px;\n}\n\n@media only screen and (min-width: 480px) and (max-width: 767px){ \n#top #wrap_all .av-special-heading.av-av_heading-e5b24f5bb4bb15087ab54a5f362a4790 .av-special-heading-tag{\nfont-size:0.8em;\n}\n}\n\n@media only screen and (max-width: 479px){ \n#top #wrap_all .av-special-heading.av-av_heading-e5b24f5bb4bb15087ab54a5f362a4790 .av-special-heading-tag{\nfont-size:0.8em;\n}\n}\n<\/style>\n<div  class='av-special-heading av-av_heading-e5b24f5bb4bb15087ab54a5f362a4790 av-special-heading-h3 blockquote modern-quote  avia-builder-el-15  el_after_av_image  el_before_av_image  av-inherit-size'><h3 class='av-special-heading-tag '  >La Casa del Flamenco<\/h3><div class=\"special-heading-border\"><div class=\"special-heading-inner-border\"><\/div><\/div><\/div><br \/>\n\n<style type=\"text\/css\" data-created_by=\"avia_inline_auto\" id=\"style-css-av-av_image-7b9444609d2ee5063f8c55a449e651bf\">\n.avia-image-container.av-av_image-7b9444609d2ee5063f8c55a449e651bf img.avia_image{\nbox-shadow:none;\n}\n.avia-image-container.av-av_image-7b9444609d2ee5063f8c55a449e651bf .av-image-caption-overlay-center{\ncolor:#ffffff;\n}\n<\/style>\n<div  class='avia-image-container av-av_image-7b9444609d2ee5063f8c55a449e651bf av-styling- av-img-linked avia-align-center  avia-builder-el-16  el_after_av_heading  el_before_av_textblock '  ><div class=\"avia-image-container-inner\"><div class=\"avia-image-overlay-wrap\"><a href=\"https:\/\/www.hotelalcantara.es\/wp-content\/uploads\/2019\/10\/flamenco-1030x506.jpg\" data-srcset=\"https:\/\/www.hotelalcantara.es\/wp-content\/uploads\/2019\/10\/flamenco-1030x506.jpg 1030w, https:\/\/www.hotelalcantara.es\/wp-content\/uploads\/2019\/10\/flamenco-300x147.jpg 300w, https:\/\/www.hotelalcantara.es\/wp-content\/uploads\/2019\/10\/flamenco-768x377.jpg 768w, https:\/\/www.hotelalcantara.es\/wp-content\/uploads\/2019\/10\/flamenco-705x346.jpg 705w, https:\/\/www.hotelalcantara.es\/wp-content\/uploads\/2019\/10\/flamenco.jpg 1297w\" data-sizes=\"(max-width: 1030px) 100vw, 1030px\" class='avia_image '  aria-label='flamenco'><img decoding=\"async\" fetchpriority=\"high\" class='wp-image-2906 avia-img-lazy-loading-not-2906 avia_image ' src=\"https:\/\/www.hotelalcantara.es\/wp-content\/uploads\/2019\/10\/flamenco-1297x430.jpg\" alt='' title='flamenco'  height=\"430\" width=\"1297\"  \/><\/a><\/div><\/div><\/div><br \/>\n<section  class='av_textblock_section av-lamsapiw-1a001541c37d8a9320ef1e5853a7c02c '  ><div class='avia_textblock' ><p style=\"text-align: left;\"><strong>L\u2019Anima della casa<\/strong><\/p>\n<p style=\"text-align: left;\">Il cortile principale della zona nobile della casa, incorporato alla nostra struttura, lo abbiamo trasfromato in un auditorio molto speciale. Ogni sera, tra le sue colonne e i suoi ornamenti andalusi, prende forma un monento magico e pieno di arte, lo spettacolo de <a href=\"https:\/\/lacasadelflamencosevilla.com\/\" target=\"_blank\" rel=\"noopener\">La Casa del Flamenco<\/a>.<\/p>\n<\/div><\/section><\/p><\/div>\n","protected":false},"excerpt":{"rendered":"<p>Le camere sono per lo pi\u00f9 disposte intorno a uno dei cortili seguendo lo schema tradizionale di una casa andalusa.<\/p>\n","protected":false},"author":1235,"featured_media":0,"parent":2309,"menu_order":10,"comment_status":"closed","ping_status":"closed","template":"","meta":{"footnotes":""},"class_list":["post-2328","page","type-page","status-publish","hentry"],"yoast_head":"<!-- This site is optimized with the Yoast SEO Premium plugin v27.2 (Yoast SEO v27.4) - https:\/\/yoast.com\/product\/yoast-seo-premium-wordpress\/ -->\n<title>Zone comuni &#8226; Hotel Alc\u00e1ntara Sevilla<\/title>\n<meta name=\"description\" content=\"Le camere sono per lo pi\u00f9 disposte intorno a uno dei cortili seguendo lo schema tradizionale di una casa andalusa.\" \/>\n<meta name=\"robots\" content=\"index, follow, max-snippet:-1, max-image-preview:large, max-video-preview:-1\" \/>\n<link rel=\"canonical\" href=\"https:\/\/www.hotelalcantara.es\/it\/hotel\/spazi-in-comune\/\" \/>\n<meta property=\"og:locale\" content=\"it_IT\" \/>\n<meta property=\"og:type\" content=\"article\" \/>\n<meta property=\"og:title\" content=\"Spazi in comune\" \/>\n<meta property=\"og:description\" content=\"Le camere sono per lo pi\u00f9 disposte intorno a uno dei cortili seguendo lo schema tradizionale di una casa andalusa.\" \/>\n<meta property=\"og:url\" content=\"https:\/\/www.hotelalcantara.es\/it\/hotel\/spazi-in-comune\/\" \/>\n<meta property=\"og:site_name\" content=\"Hotel Alc\u00e1ntara Sevilla\" \/>\n<meta property=\"article:publisher\" content=\"https:\/\/www.facebook.com\/hotelalcantarasevilla\" \/>\n<meta property=\"article:modified_time\" content=\"2025-08-13T21:08:43+00:00\" \/>\n<meta property=\"og:image\" content=\"https:\/\/www.hotelalcantara.es\/wp-content\/uploads\/2021\/06\/zaguanconflamenco.jpg\" \/>\n\t<meta property=\"og:image:width\" content=\"1000\" \/>\n\t<meta property=\"og:image:height\" content=\"676\" \/>\n\t<meta property=\"og:image:type\" content=\"image\/jpeg\" \/>\n<meta name=\"twitter:card\" content=\"summary_large_image\" \/>\n<meta name=\"twitter:image\" content=\"https:\/\/www.hotelalcantara.es\/wp-content\/uploads\/2021\/06\/zaguanconflamenco.jpg\" \/>\n<meta name=\"twitter:label1\" content=\"Tempo di lettura stimato\" \/>\n\t<meta name=\"twitter:data1\" content=\"9 minuti\" \/>\n<script type=\"application\/ld+json\" class=\"yoast-schema-graph\">{\"@context\":\"https:\\\/\\\/schema.org\",\"@graph\":[{\"@type\":\"WebPage\",\"@id\":\"https:\\\/\\\/www.hotelalcantara.es\\\/it\\\/hotel\\\/spazi-in-comune\\\/\",\"url\":\"https:\\\/\\\/www.hotelalcantara.es\\\/it\\\/hotel\\\/spazi-in-comune\\\/\",\"name\":\"Zone comuni &#8226; Hotel Alc\u00e1ntara Sevilla\",\"isPartOf\":{\"@id\":\"https:\\\/\\\/www.hotelalcantara.es\\\/it\\\/#website\"},\"datePublished\":\"2018-06-27T14:22:07+00:00\",\"dateModified\":\"2025-08-13T21:08:43+00:00\",\"description\":\"Le camere sono per lo pi\u00f9 disposte intorno a uno dei cortili seguendo lo schema tradizionale di una casa andalusa.\",\"breadcrumb\":{\"@id\":\"https:\\\/\\\/www.hotelalcantara.es\\\/it\\\/hotel\\\/spazi-in-comune\\\/#breadcrumb\"},\"inLanguage\":\"it-IT\",\"potentialAction\":[{\"@type\":\"ReadAction\",\"target\":[\"https:\\\/\\\/www.hotelalcantara.es\\\/it\\\/hotel\\\/spazi-in-comune\\\/\"]}]},{\"@type\":\"BreadcrumbList\",\"@id\":\"https:\\\/\\\/www.hotelalcantara.es\\\/it\\\/hotel\\\/spazi-in-comune\\\/#breadcrumb\",\"itemListElement\":[{\"@type\":\"ListItem\",\"position\":1,\"name\":\"Portada\",\"item\":\"https:\\\/\\\/www.hotelalcantara.es\\\/it\\\/\"},{\"@type\":\"ListItem\",\"position\":2,\"name\":\"Hotel\",\"item\":\"https:\\\/\\\/www.hotelalcantara.es\\\/it\\\/hotel\\\/\"},{\"@type\":\"ListItem\",\"position\":3,\"name\":\"Spazi in comune\"}]},{\"@type\":\"WebSite\",\"@id\":\"https:\\\/\\\/www.hotelalcantara.es\\\/it\\\/#website\",\"url\":\"https:\\\/\\\/www.hotelalcantara.es\\\/it\\\/\",\"name\":\"Hotel Alc\u00e1ntara Sevilla\",\"description\":\"Hotel centro de Sevilla\",\"publisher\":{\"@id\":\"https:\\\/\\\/www.hotelalcantara.es\\\/it\\\/#organization\"},\"potentialAction\":[{\"@type\":\"SearchAction\",\"target\":{\"@type\":\"EntryPoint\",\"urlTemplate\":\"https:\\\/\\\/www.hotelalcantara.es\\\/it\\\/?s={search_term_string}\"},\"query-input\":{\"@type\":\"PropertyValueSpecification\",\"valueRequired\":true,\"valueName\":\"search_term_string\"}}],\"inLanguage\":\"it-IT\"},{\"@type\":[\"Organization\",\"Place\",\"Hotel\"],\"@id\":\"https:\\\/\\\/www.hotelalcantara.es\\\/it\\\/#organization\",\"name\":\"Hotel Alc\u00e1ntara Sevilla\",\"url\":\"https:\\\/\\\/www.hotelalcantara.es\\\/it\\\/\",\"logo\":{\"@id\":\"https:\\\/\\\/www.hotelalcantara.es\\\/it\\\/hotel\\\/spazi-in-comune\\\/#local-main-organization-logo\"},\"image\":{\"@id\":\"https:\\\/\\\/www.hotelalcantara.es\\\/it\\\/hotel\\\/spazi-in-comune\\\/#local-main-organization-logo\"},\"sameAs\":[\"https:\\\/\\\/www.facebook.com\\\/hotelalcantarasevilla\",\"https:\\\/\\\/www.instagram.com\\\/hotelalcantara\\\/\"],\"description\":\"El hotel Alc\u00e1ntara es un precioso hotel de dos estrellas ubicado en Sevilla centro, en pleno coraz\u00f3n del Barrio de Santa Cruz, en el conjunto hist\u00f3rico y monumental de Sevilla, donde la ciudad despega toda su belleza y misterio. El hotel, inaugurado en 2002, ocupaba en sus comienzos las antiguas dependencias de servicio y el huerto de una casa se\u00f1orial del siglo XV.\",\"legalName\":\"YSASI HOTELES S.L.\",\"foundingDate\":\"2002-01-01\",\"ownershipFundingInfo\":\"https:\\\/\\\/www.hotelalcantara.es\\\/aviso-legal\\\/\",\"address\":{\"@id\":\"https:\\\/\\\/www.hotelalcantara.es\\\/it\\\/hotel\\\/spazi-in-comune\\\/#local-main-place-address\"},\"geo\":{\"@type\":\"GeoCoordinates\",\"latitude\":\"37.38628\",\"longitude\":\"-5.9912469\"},\"telephone\":[\"+34954500595\"],\"openingHoursSpecification\":{\"@type\":\"OpeningHoursSpecification\",\"dayOfWeek\":[\"Monday\",\"Tuesday\",\"Wednesday\",\"Thursday\",\"Friday\",\"Saturday\",\"Sunday\"],\"opens\":\"00:00\",\"closes\":\"23:59\"},\"email\":\"info@hotelalcantara.net\",\"vatID\":\"B91036921\",\"taxID\":\"B91036921\",\"currenciesAccepted\":\"EUR,USD,GBP\",\"paymentAccepted\":\"Cash,Visa,AmericanExpress,MasterCard\"},{\"@type\":\"PostalAddress\",\"@id\":\"https:\\\/\\\/www.hotelalcantara.es\\\/it\\\/hotel\\\/spazi-in-comune\\\/#local-main-place-address\",\"streetAddress\":\"Xim\u00e9nez de Enciso 28\",\"addressLocality\":\"Sevilla\",\"postalCode\":\"41004\",\"addressRegion\":\"Sevilla\",\"addressCountry\":\"ES\"},{\"@type\":\"ImageObject\",\"inLanguage\":\"it-IT\",\"@id\":\"https:\\\/\\\/www.hotelalcantara.es\\\/it\\\/hotel\\\/spazi-in-comune\\\/#local-main-organization-logo\",\"url\":\"https:\\\/\\\/www.hotelalcantara.es\\\/wp-content\\\/uploads\\\/2018\\\/07\\\/hotel-alcantara-logo.png\",\"contentUrl\":\"https:\\\/\\\/www.hotelalcantara.es\\\/wp-content\\\/uploads\\\/2018\\\/07\\\/hotel-alcantara-logo.png\",\"width\":205,\"height\":175,\"caption\":\"Hotel Alc\u00e1ntara Sevilla\"}]}<\/script>\n<meta name=\"geo.placename\" content=\"Sevilla\" \/>\n<meta name=\"geo.position\" content=\"37.38628;-5.9912469\" \/>\n<meta name=\"geo.region\" content=\"Spagna\" \/>\n<!-- \/ Yoast SEO Premium plugin. -->","yoast_head_json":{"title":"Zone comuni &#8226; Hotel Alc\u00e1ntara Sevilla","description":"Le camere sono per lo pi\u00f9 disposte intorno a uno dei cortili seguendo lo schema tradizionale di una casa andalusa.","robots":{"index":"index","follow":"follow","max-snippet":"max-snippet:-1","max-image-preview":"max-image-preview:large","max-video-preview":"max-video-preview:-1"},"canonical":"https:\/\/www.hotelalcantara.es\/it\/hotel\/spazi-in-comune\/","og_locale":"it_IT","og_type":"article","og_title":"Spazi in comune","og_description":"Le camere sono per lo pi\u00f9 disposte intorno a uno dei cortili seguendo lo schema tradizionale di una casa andalusa.","og_url":"https:\/\/www.hotelalcantara.es\/it\/hotel\/spazi-in-comune\/","og_site_name":"Hotel Alc\u00e1ntara Sevilla","article_publisher":"https:\/\/www.facebook.com\/hotelalcantarasevilla","article_modified_time":"2025-08-13T21:08:43+00:00","og_image":[{"width":1000,"height":676,"url":"https:\/\/www.hotelalcantara.es\/wp-content\/uploads\/2021\/06\/zaguanconflamenco.jpg","type":"image\/jpeg"}],"twitter_card":"summary_large_image","twitter_image":"https:\/\/www.hotelalcantara.es\/wp-content\/uploads\/2021\/06\/zaguanconflamenco.jpg","twitter_misc":{"Tempo di lettura stimato":"9 minuti"},"schema":{"@context":"https:\/\/schema.org","@graph":[{"@type":"WebPage","@id":"https:\/\/www.hotelalcantara.es\/it\/hotel\/spazi-in-comune\/","url":"https:\/\/www.hotelalcantara.es\/it\/hotel\/spazi-in-comune\/","name":"Zone comuni &#8226; Hotel Alc\u00e1ntara Sevilla","isPartOf":{"@id":"https:\/\/www.hotelalcantara.es\/it\/#website"},"datePublished":"2018-06-27T14:22:07+00:00","dateModified":"2025-08-13T21:08:43+00:00","description":"Le camere sono per lo pi\u00f9 disposte intorno a uno dei cortili seguendo lo schema tradizionale di una casa andalusa.","breadcrumb":{"@id":"https:\/\/www.hotelalcantara.es\/it\/hotel\/spazi-in-comune\/#breadcrumb"},"inLanguage":"it-IT","potentialAction":[{"@type":"ReadAction","target":["https:\/\/www.hotelalcantara.es\/it\/hotel\/spazi-in-comune\/"]}]},{"@type":"BreadcrumbList","@id":"https:\/\/www.hotelalcantara.es\/it\/hotel\/spazi-in-comune\/#breadcrumb","itemListElement":[{"@type":"ListItem","position":1,"name":"Portada","item":"https:\/\/www.hotelalcantara.es\/it\/"},{"@type":"ListItem","position":2,"name":"Hotel","item":"https:\/\/www.hotelalcantara.es\/it\/hotel\/"},{"@type":"ListItem","position":3,"name":"Spazi in comune"}]},{"@type":"WebSite","@id":"https:\/\/www.hotelalcantara.es\/it\/#website","url":"https:\/\/www.hotelalcantara.es\/it\/","name":"Hotel Alc\u00e1ntara Sevilla","description":"Hotel centro de Sevilla","publisher":{"@id":"https:\/\/www.hotelalcantara.es\/it\/#organization"},"potentialAction":[{"@type":"SearchAction","target":{"@type":"EntryPoint","urlTemplate":"https:\/\/www.hotelalcantara.es\/it\/?s={search_term_string}"},"query-input":{"@type":"PropertyValueSpecification","valueRequired":true,"valueName":"search_term_string"}}],"inLanguage":"it-IT"},{"@type":["Organization","Place","Hotel"],"@id":"https:\/\/www.hotelalcantara.es\/it\/#organization","name":"Hotel Alc\u00e1ntara Sevilla","url":"https:\/\/www.hotelalcantara.es\/it\/","logo":{"@id":"https:\/\/www.hotelalcantara.es\/it\/hotel\/spazi-in-comune\/#local-main-organization-logo"},"image":{"@id":"https:\/\/www.hotelalcantara.es\/it\/hotel\/spazi-in-comune\/#local-main-organization-logo"},"sameAs":["https:\/\/www.facebook.com\/hotelalcantarasevilla","https:\/\/www.instagram.com\/hotelalcantara\/"],"description":"El hotel Alc\u00e1ntara es un precioso hotel de dos estrellas ubicado en Sevilla centro, en pleno coraz\u00f3n del Barrio de Santa Cruz, en el conjunto hist\u00f3rico y monumental de Sevilla, donde la ciudad despega toda su belleza y misterio. El hotel, inaugurado en 2002, ocupaba en sus comienzos las antiguas dependencias de servicio y el huerto de una casa se\u00f1orial del siglo XV.","legalName":"YSASI HOTELES S.L.","foundingDate":"2002-01-01","ownershipFundingInfo":"https:\/\/www.hotelalcantara.es\/aviso-legal\/","address":{"@id":"https:\/\/www.hotelalcantara.es\/it\/hotel\/spazi-in-comune\/#local-main-place-address"},"geo":{"@type":"GeoCoordinates","latitude":"37.38628","longitude":"-5.9912469"},"telephone":["+34954500595","+34954500595"],"openingHoursSpecification":{"@type":"OpeningHoursSpecification","dayOfWeek":["Monday","Tuesday","Wednesday","Thursday","Friday","Saturday","Sunday"],"opens":"00:00","closes":"23:59"},"email":"info@hotelalcantara.net","vatID":"B91036921","taxID":"B91036921","currenciesAccepted":"EUR,USD,GBP","paymentAccepted":"Cash,Visa,AmericanExpress,MasterCard"},{"@type":"PostalAddress","@id":"https:\/\/www.hotelalcantara.es\/it\/hotel\/spazi-in-comune\/#local-main-place-address","streetAddress":"Xim\u00e9nez de Enciso 28","addressLocality":"Sevilla","postalCode":"41004","addressRegion":"Sevilla","addressCountry":"ES"},{"@type":"ImageObject","inLanguage":"it-IT","@id":"https:\/\/www.hotelalcantara.es\/it\/hotel\/spazi-in-comune\/#local-main-organization-logo","url":"https:\/\/www.hotelalcantara.es\/wp-content\/uploads\/2018\/07\/hotel-alcantara-logo.png","contentUrl":"https:\/\/www.hotelalcantara.es\/wp-content\/uploads\/2018\/07\/hotel-alcantara-logo.png","width":205,"height":175,"caption":"Hotel Alc\u00e1ntara Sevilla"}]},"geo.placename":"Sevilla","geo.position":{"lat":"37.38628","long":"-5.9912469"},"geo.region":"Spagna"},"_links":{"self":[{"href":"https:\/\/www.hotelalcantara.es\/it\/wp-json\/wp\/v2\/pages\/2328","targetHints":{"allow":["GET"]}}],"collection":[{"href":"https:\/\/www.hotelalcantara.es\/it\/wp-json\/wp\/v2\/pages"}],"about":[{"href":"https:\/\/www.hotelalcantara.es\/it\/wp-json\/wp\/v2\/types\/page"}],"author":[{"embeddable":true,"href":"https:\/\/www.hotelalcantara.es\/it\/wp-json\/wp\/v2\/users\/1235"}],"replies":[{"embeddable":true,"href":"https:\/\/www.hotelalcantara.es\/it\/wp-json\/wp\/v2\/comments?post=2328"}],"version-history":[{"count":0,"href":"https:\/\/www.hotelalcantara.es\/it\/wp-json\/wp\/v2\/pages\/2328\/revisions"}],"up":[{"embeddable":true,"href":"https:\/\/www.hotelalcantara.es\/it\/wp-json\/wp\/v2\/pages\/2309"}],"wp:attachment":[{"href":"https:\/\/www.hotelalcantara.es\/it\/wp-json\/wp\/v2\/media?parent=2328"}],"curies":[{"name":"wp","href":"https:\/\/api.w.org\/{rel}","templated":true}]}}