{"id":2350,"date":"2018-06-27T14:18:14","date_gmt":"2018-06-27T14:18:14","guid":{"rendered":"https:\/\/www.hotelalcantara.es\/el-flamenco-en-casa\/"},"modified":"2025-08-13T23:24:15","modified_gmt":"2025-08-13T21:24:15","slug":"il-flamenco-in-casa","status":"publish","type":"page","link":"https:\/\/www.hotelalcantara.es\/it\/il-flamenco-in-casa\/","title":{"rendered":"Il Flamenco in Casa"},"content":{"rendered":"<div id='full_slider_1'  class='avia-fullwidth-slider main_color avia-shadow   avia-builder-el-0  el_before_av_section  avia-builder-el-first   container_wrap fullsize'  >\n<style type=\"text\/css\" data-created_by=\"avia_inline_auto\" id=\"style-css-av-meah9quk-9d72d1b1dcf2926b58d0a4ebf03535f8\">\n#top .avia-slideshow .av-slideshow-caption.av-meah9quk-9d72d1b1dcf2926b58d0a4ebf03535f8__0 .avia-caption-content{\nfont-size:50px;\ncolor:#ffffff;\n}\n#top .avia-slideshow .av-slideshow-caption.av-meah9quk-9d72d1b1dcf2926b58d0a4ebf03535f8__0 .avia-caption-content p{\nfont-size:50px;\n}\n<\/style>\n<div  class='avia-slideshow av-meah9quk-9d72d1b1dcf2926b58d0a4ebf03535f8 avia-slideshow-featured av_slideshow_full avia-slide-slider av-slideshow-ui av-control-default av-slideshow-manual av-loop-once av-loop-manual-endless av-default-height-applied   avia-slideshow-1' data-slideshow-options=\"{&quot;animation&quot;:&quot;slide&quot;,&quot;autoplay&quot;:false,&quot;loop_autoplay&quot;:&quot;once&quot;,&quot;interval&quot;:5,&quot;loop_manual&quot;:&quot;manual-endless&quot;,&quot;autoplay_stopper&quot;:false,&quot;noNavigation&quot;:false,&quot;bg_slider&quot;:false,&quot;keep_padding&quot;:false,&quot;hoverpause&quot;:false,&quot;show_slide_delay&quot;:0}\" ><ul class='avia-slideshow-inner ' style='padding-bottom: 23.285714285714%;'><li  class='avia-slideshow-slide av-meah9quk-9d72d1b1dcf2926b58d0a4ebf03535f8__0  av-single-slide slide-1 slide-odd'><div data-rel='slideshow-1' class='avia-slide-wrap '   ><div class='av-slideshow-caption av-meah9quk-9d72d1b1dcf2926b58d0a4ebf03535f8__0 caption_fullwidth caption_center'><div class=\"container caption_container\"><div class=\"slideshow_caption\"><div class=\"slideshow_inner_caption\"><div class=\"slideshow_align_caption\"><div class='avia-caption-content av_inherit_color' ><p><span class=\"sombra\"><b>FLAMENCO PURO<\/b> IN PIENO CENTRO<\/span><\/p>\n<\/div><\/div><\/div><\/div><\/div><\/div><img decoding=\"async\" fetchpriority=\"high\" class=\"wp-image-4438 avia-img-lazy-loading-not-4438\"  src=\"https:\/\/www.hotelalcantara.es\/wp-content\/uploads\/2025\/08\/cabecera.jpg\" width=\"1400\" height=\"326\" title='CABECERA' alt='' srcset=\"https:\/\/www.hotelalcantara.es\/wp-content\/uploads\/2025\/08\/cabecera.jpg 1400w, https:\/\/www.hotelalcantara.es\/wp-content\/uploads\/2025\/08\/cabecera-300x70.jpg 300w, https:\/\/www.hotelalcantara.es\/wp-content\/uploads\/2025\/08\/cabecera-1030x240.jpg 1030w, https:\/\/www.hotelalcantara.es\/wp-content\/uploads\/2025\/08\/cabecera-768x179.jpg 768w, https:\/\/www.hotelalcantara.es\/wp-content\/uploads\/2025\/08\/cabecera-705x164.jpg 705w\" sizes=\"(max-width: 1400px) 100vw, 1400px\" \/><\/div><\/li><\/ul><\/div><\/div>\n<div id='av_section_1'  class='avia-section av-av_section-2dcda1862a94bb522b437cf4f29dd74d main_color avia-section-default avia-no-shadow  avia-builder-el-1  el_after_av_slideshow_full  el_before_av_section  avia-bg-style-scroll container_wrap fullsize'  ><div class='container av-section-cont-open' ><div class='template-page content  av-content-full alpha units'><div class='post-entry post-entry-type-page post-entry-2350'><div class='entry-content-wrapper clearfix'>\n\n<style type=\"text\/css\" data-created_by=\"avia_inline_auto\" id=\"style-css-av-av_one_full-15d750bd1b332b34c6e70b077ebbccdf\">\n.flex_column.av-av_one_full-15d750bd1b332b34c6e70b077ebbccdf{\nborder-radius:0px 0px 0px 0px;\npadding:0px 0px 0px 0px;\n}\n<\/style>\n<div  class='flex_column av-av_one_full-15d750bd1b332b34c6e70b077ebbccdf av_one_full  avia-builder-el-2  avia-builder-el-no-sibling  first flex_column_div av-zero-column-padding  '     ><section  class='av_textblock_section av-av_textblock-2de302bf1aa3cf4c9157dbe6f50ac7eb '  ><div class='avia_textblock' ><h1>Siamo La casa del <strong>Flamenco. <\/strong><\/h1>\n<h2>Uno spettacolo magico tutti i giorni, con uno sconto speciale per i nostri ospiti.<\/h2>\n<p>La casa del flamenco \u00e9 l\u2019ospite pi\u00f9 speciale del nostro Auditorio. Tutte le sere, il suo ambiente ricco di storia e di bellezza si trasforma in uno scenario unico e perfetto per godere del miglior flamenco di Siviglia. Un\u2019acustica privilegiata fa si che la performance sia in diretto, senza bisogno dell\u2019aiuto di strumenti tecnologici, il che permette di sperimentare l\u2019arte in tutta la sua intensit\u00e0. La capacit\u00e0 ridotta e la posizione del pubblico molto vicina allo scenario, contribuiscono a mantenere un ambiente intimo e magico, in cui il tempo sembra fermarsi.<\/p>\n<p>La singolarit\u00e0 dell\u2019ambiente si complementa, poi, con un elenco selezionato di artisti, professionisti dell\u2019arte flamenca e con una brillante carriera. Lo spettacolo include differenti palos (in italiano stili) che rievocano il flamenco pi\u00f9 tradizionale e lo stile puro e tipico dell\u2019Andalusia.<\/p>\n<\/div><\/section><br \/>\n<div  class='avia-button-wrap av-lams9kvc-cd69e219384bb098c5bc50cdc1a8f83b-wrap avia-button-left  avia-builder-el-4  el_after_av_textblock  avia-builder-el-last '><a href='https:\/\/lacasadelflamencosevilla.com\/'  class='avia-button av-lams9kvc-cd69e219384bb098c5bc50cdc1a8f83b av-link-btn avia-icon_select-no avia-size-medium avia-position-left avia-color-theme-color'  target=\"_blank\"  rel=\"noopener noreferrer\"  aria-label=\"ACCEDI AL SITO DE LA CASA DEL FLAMENCO\"><span class='avia_iconbox_title' >ACCEDI AL SITO DE LA CASA DEL FLAMENCO<\/span><\/a><\/div><\/p><\/div>\n\n<\/div><\/div><\/div><!-- close content main div --><\/div><\/div><div id='av_section_2'  class='avia-section av-av_section-2bb5dbc2f4280f0fa9c0823dd68eaa60 main_color avia-section-small avia-no-border-styling  avia-builder-el-5  el_after_av_section  avia-builder-el-last  avia-bg-style-scroll container_wrap fullsize'  ><div class='container av-section-cont-open' ><div class='template-page content  av-content-full alpha units'><div class='post-entry post-entry-type-page post-entry-2350'><div class='entry-content-wrapper clearfix'>\n<div class='flex_column_table av-av_one_half-67adf0f1abfc2242a214758f2160949a sc-av_one_half av-equal-height-column-flextable'>\n<style type=\"text\/css\" data-created_by=\"avia_inline_auto\" id=\"style-css-av-av_one_half-67adf0f1abfc2242a214758f2160949a\">\n.flex_column.av-av_one_half-67adf0f1abfc2242a214758f2160949a{\nborder-radius:0px 0px 0px 0px;\npadding:0px 0px 0px 0px;\n}\n<\/style>\n<div  class='flex_column av-av_one_half-67adf0f1abfc2242a214758f2160949a av_one_half  avia-builder-el-6  el_before_av_one_half  avia-builder-el-first  first flex_column_table_cell av-equal-height-column av-align-top av-zero-column-padding  '     ><div id='av-masonry-1' class='av-masonry av-meaha6we-1cab960d0a2f12cd8205bc0839f983ae noHover av-fixed-size av-large-gap av-hover-overlay- av-masonry-animation-active av-masonry-col-4 av-caption-always av-caption-style- av-masonry-gallery av-orientation-square ' data-post_id=\"2350\"><div class=\"av-masonry-container isotope av-js-disabled\"><div class='av-masonry-entry isotope-item av-masonry-item-no-image '><\/div><a href=\"https:\/\/www.hotelalcantara.es\/wp-content\/uploads\/2025\/08\/agueda-saavedra-686x1030.jpg\" data-srcset=\"https:\/\/www.hotelalcantara.es\/wp-content\/uploads\/2025\/08\/agueda-saavedra-686x1030.jpg 686w, https:\/\/www.hotelalcantara.es\/wp-content\/uploads\/2025\/08\/agueda-saavedra-200x300.jpg 200w, https:\/\/www.hotelalcantara.es\/wp-content\/uploads\/2025\/08\/agueda-saavedra-768x1152.jpg 768w, https:\/\/www.hotelalcantara.es\/wp-content\/uploads\/2025\/08\/agueda-saavedra-1024x1536.jpg 1024w, https:\/\/www.hotelalcantara.es\/wp-content\/uploads\/2025\/08\/agueda-saavedra-1000x1500.jpg 1000w, https:\/\/www.hotelalcantara.es\/wp-content\/uploads\/2025\/08\/agueda-saavedra-470x705.jpg 470w, https:\/\/www.hotelalcantara.es\/wp-content\/uploads\/2025\/08\/agueda-saavedra.jpg 1333w\" data-sizes=\"(max-width: 686px) 100vw, 686px\"  aria-label=\"immagine A\u0301GUEDA SAAVEDRA\"  id='av-masonry-1-item-4444' data-av-masonry-item='4444' class='av-masonry-entry isotope-item post-4444 attachment type-attachment status-inherit hentry  av-masonry-item-with-image' title=\"A\u0301GUEDA SAAVEDRA\" alt=\"\"   ><div class='av-inner-masonry-sizer'><\/div><figure class='av-inner-masonry main_color'><div class=\"av-masonry-outerimage-container\"><div class='av-masonry-image-container' style=\"background-image: url(https:\/\/www.hotelalcantara.es\/wp-content\/uploads\/2025\/08\/agueda-saavedra-470x705.jpg);\"  title=\"A\u0301GUEDA SAAVEDRA\" ><\/div><\/div><\/figure><\/a><!--end av-masonry entry--><a href=\"https:\/\/www.hotelalcantara.es\/wp-content\/uploads\/2025\/08\/laura-y-miguel-686x1030.jpg\" data-srcset=\"https:\/\/www.hotelalcantara.es\/wp-content\/uploads\/2025\/08\/laura-y-miguel-686x1030.jpg 686w, https:\/\/www.hotelalcantara.es\/wp-content\/uploads\/2025\/08\/laura-y-miguel-200x300.jpg 200w, https:\/\/www.hotelalcantara.es\/wp-content\/uploads\/2025\/08\/laura-y-miguel-768x1152.jpg 768w, https:\/\/www.hotelalcantara.es\/wp-content\/uploads\/2025\/08\/laura-y-miguel-1024x1536.jpg 1024w, https:\/\/www.hotelalcantara.es\/wp-content\/uploads\/2025\/08\/laura-y-miguel-1000x1500.jpg 1000w, https:\/\/www.hotelalcantara.es\/wp-content\/uploads\/2025\/08\/laura-y-miguel-470x705.jpg 470w, https:\/\/www.hotelalcantara.es\/wp-content\/uploads\/2025\/08\/laura-y-miguel.jpg 1333w\" data-sizes=\"(max-width: 686px) 100vw, 686px\"  aria-label=\"immagine LAURA Y MIGUEL\"  id='av-masonry-1-item-4448' data-av-masonry-item='4448' class='av-masonry-entry isotope-item post-4448 attachment type-attachment status-inherit hentry  av-masonry-item-with-image' title=\"LAURA Y MIGUEL\" alt=\"\"   ><div class='av-inner-masonry-sizer'><\/div><figure class='av-inner-masonry main_color'><div class=\"av-masonry-outerimage-container\"><div class='av-masonry-image-container' style=\"background-image: url(https:\/\/www.hotelalcantara.es\/wp-content\/uploads\/2025\/08\/laura-y-miguel-470x705.jpg);\"  title=\"LAURA Y MIGUEL\" ><\/div><\/div><\/figure><\/a><!--end av-masonry entry--><a href=\"https:\/\/www.hotelalcantara.es\/wp-content\/uploads\/2025\/08\/lola-jaramillo-y-jesus-herrera-686x1030.jpg\" data-srcset=\"https:\/\/www.hotelalcantara.es\/wp-content\/uploads\/2025\/08\/lola-jaramillo-y-jesus-herrera-686x1030.jpg 686w, https:\/\/www.hotelalcantara.es\/wp-content\/uploads\/2025\/08\/lola-jaramillo-y-jesus-herrera-200x300.jpg 200w, https:\/\/www.hotelalcantara.es\/wp-content\/uploads\/2025\/08\/lola-jaramillo-y-jesus-herrera-768x1152.jpg 768w, https:\/\/www.hotelalcantara.es\/wp-content\/uploads\/2025\/08\/lola-jaramillo-y-jesus-herrera-1024x1536.jpg 1024w, https:\/\/www.hotelalcantara.es\/wp-content\/uploads\/2025\/08\/lola-jaramillo-y-jesus-herrera-1000x1500.jpg 1000w, https:\/\/www.hotelalcantara.es\/wp-content\/uploads\/2025\/08\/lola-jaramillo-y-jesus-herrera-470x705.jpg 470w, https:\/\/www.hotelalcantara.es\/wp-content\/uploads\/2025\/08\/lola-jaramillo-y-jesus-herrera.jpg 1333w\" data-sizes=\"(max-width: 686px) 100vw, 686px\"  aria-label=\"immagine LOLA JARAMILLO Y JESU\u0301S HERRERA\"  id='av-masonry-1-item-4452' data-av-masonry-item='4452' class='av-masonry-entry isotope-item post-4452 attachment type-attachment status-inherit hentry  av-masonry-item-with-image' title=\"LOLA JARAMILLO Y JESU\u0301S HERRERA\" alt=\"\"   ><div class='av-inner-masonry-sizer'><\/div><figure class='av-inner-masonry main_color'><div class=\"av-masonry-outerimage-container\"><div class='av-masonry-image-container' style=\"background-image: url(https:\/\/www.hotelalcantara.es\/wp-content\/uploads\/2025\/08\/lola-jaramillo-y-jesus-herrera-470x705.jpg);\"  title=\"LOLA JARAMILLO Y JESU\u0301S HERRERA\" ><\/div><\/div><\/figure><\/a><!--end av-masonry entry--><a href=\"https:\/\/www.hotelalcantara.es\/wp-content\/uploads\/2025\/08\/varias-01-686x1030.jpg\" data-srcset=\"https:\/\/www.hotelalcantara.es\/wp-content\/uploads\/2025\/08\/varias-01-686x1030.jpg 686w, https:\/\/www.hotelalcantara.es\/wp-content\/uploads\/2025\/08\/varias-01-200x300.jpg 200w, https:\/\/www.hotelalcantara.es\/wp-content\/uploads\/2025\/08\/varias-01-768x1152.jpg 768w, https:\/\/www.hotelalcantara.es\/wp-content\/uploads\/2025\/08\/varias-01-1024x1536.jpg 1024w, https:\/\/www.hotelalcantara.es\/wp-content\/uploads\/2025\/08\/varias-01-1000x1500.jpg 1000w, https:\/\/www.hotelalcantara.es\/wp-content\/uploads\/2025\/08\/varias-01-470x705.jpg 470w, https:\/\/www.hotelalcantara.es\/wp-content\/uploads\/2025\/08\/varias-01.jpg 1333w\" data-sizes=\"(max-width: 686px) 100vw, 686px\"  aria-label=\"immagine VARIAS 01\"  id='av-masonry-1-item-4456' data-av-masonry-item='4456' class='av-masonry-entry isotope-item post-4456 attachment type-attachment status-inherit hentry  av-masonry-item-with-image' title=\"VARIAS 01\" alt=\"\"   ><div class='av-inner-masonry-sizer'><\/div><figure class='av-inner-masonry main_color'><div class=\"av-masonry-outerimage-container\"><div class='av-masonry-image-container' style=\"background-image: url(https:\/\/www.hotelalcantara.es\/wp-content\/uploads\/2025\/08\/varias-01-470x705.jpg);\"  title=\"VARIAS 01\" ><\/div><\/div><\/figure><\/a><!--end av-masonry entry--><a href=\"https:\/\/www.hotelalcantara.es\/wp-content\/uploads\/2025\/08\/varias-02-686x1030.jpg\" data-srcset=\"https:\/\/www.hotelalcantara.es\/wp-content\/uploads\/2025\/08\/varias-02-686x1030.jpg 686w, https:\/\/www.hotelalcantara.es\/wp-content\/uploads\/2025\/08\/varias-02-200x300.jpg 200w, https:\/\/www.hotelalcantara.es\/wp-content\/uploads\/2025\/08\/varias-02-768x1152.jpg 768w, https:\/\/www.hotelalcantara.es\/wp-content\/uploads\/2025\/08\/varias-02-1024x1536.jpg 1024w, https:\/\/www.hotelalcantara.es\/wp-content\/uploads\/2025\/08\/varias-02-1000x1500.jpg 1000w, https:\/\/www.hotelalcantara.es\/wp-content\/uploads\/2025\/08\/varias-02-470x705.jpg 470w, https:\/\/www.hotelalcantara.es\/wp-content\/uploads\/2025\/08\/varias-02.jpg 1333w\" data-sizes=\"(max-width: 686px) 100vw, 686px\"  aria-label=\"immagine VARIAS 02\"  id='av-masonry-1-item-4460' data-av-masonry-item='4460' class='av-masonry-entry isotope-item post-4460 attachment type-attachment status-inherit hentry  av-masonry-item-with-image' title=\"VARIAS 02\" alt=\"\"   ><div class='av-inner-masonry-sizer'><\/div><figure class='av-inner-masonry main_color'><div class=\"av-masonry-outerimage-container\"><div class='av-masonry-image-container' style=\"background-image: url(https:\/\/www.hotelalcantara.es\/wp-content\/uploads\/2025\/08\/varias-02-470x705.jpg);\"  title=\"VARIAS 02\" ><\/div><\/div><\/figure><\/a><!--end av-masonry entry--><a href=\"https:\/\/www.hotelalcantara.es\/wp-content\/uploads\/2025\/08\/varias-03-1030x686.jpg\" data-srcset=\"https:\/\/www.hotelalcantara.es\/wp-content\/uploads\/2025\/08\/varias-03-1030x686.jpg 1030w, https:\/\/www.hotelalcantara.es\/wp-content\/uploads\/2025\/08\/varias-03-300x200.jpg 300w, https:\/\/www.hotelalcantara.es\/wp-content\/uploads\/2025\/08\/varias-03-768x512.jpg 768w, https:\/\/www.hotelalcantara.es\/wp-content\/uploads\/2025\/08\/varias-03-1536x1024.jpg 1536w, https:\/\/www.hotelalcantara.es\/wp-content\/uploads\/2025\/08\/varias-03-1500x1000.jpg 1500w, https:\/\/www.hotelalcantara.es\/wp-content\/uploads\/2025\/08\/varias-03-705x470.jpg 705w, https:\/\/www.hotelalcantara.es\/wp-content\/uploads\/2025\/08\/varias-03.jpg 2000w\" data-sizes=\"(max-width: 1030px) 100vw, 1030px\"  aria-label=\"immagine VARIAS 03\"  id='av-masonry-1-item-4464' data-av-masonry-item='4464' class='av-masonry-entry isotope-item post-4464 attachment type-attachment status-inherit hentry  av-masonry-item-with-image' title=\"VARIAS 03\" alt=\"\"   ><div class='av-inner-masonry-sizer'><\/div><figure class='av-inner-masonry main_color'><div class=\"av-masonry-outerimage-container\"><div class='av-masonry-image-container' style=\"background-image: url(https:\/\/www.hotelalcantara.es\/wp-content\/uploads\/2025\/08\/varias-03-705x470.jpg);\"  title=\"VARIAS 03\" ><\/div><\/div><\/figure><\/a><!--end av-masonry entry--><a href=\"https:\/\/www.hotelalcantara.es\/wp-content\/uploads\/2025\/08\/varias-04-686x1030.jpg\" data-srcset=\"https:\/\/www.hotelalcantara.es\/wp-content\/uploads\/2025\/08\/varias-04-686x1030.jpg 686w, https:\/\/www.hotelalcantara.es\/wp-content\/uploads\/2025\/08\/varias-04-200x300.jpg 200w, https:\/\/www.hotelalcantara.es\/wp-content\/uploads\/2025\/08\/varias-04-768x1152.jpg 768w, https:\/\/www.hotelalcantara.es\/wp-content\/uploads\/2025\/08\/varias-04-1024x1536.jpg 1024w, https:\/\/www.hotelalcantara.es\/wp-content\/uploads\/2025\/08\/varias-04-1000x1500.jpg 1000w, https:\/\/www.hotelalcantara.es\/wp-content\/uploads\/2025\/08\/varias-04-470x705.jpg 470w, https:\/\/www.hotelalcantara.es\/wp-content\/uploads\/2025\/08\/varias-04.jpg 1333w\" data-sizes=\"(max-width: 686px) 100vw, 686px\"  aria-label=\"immagine VARIAS 04\"  id='av-masonry-1-item-4468' data-av-masonry-item='4468' class='av-masonry-entry isotope-item post-4468 attachment type-attachment status-inherit hentry  av-masonry-item-with-image' title=\"VARIAS 04\" alt=\"\"   ><div class='av-inner-masonry-sizer'><\/div><figure class='av-inner-masonry main_color'><div class=\"av-masonry-outerimage-container\"><div class='av-masonry-image-container' style=\"background-image: url(https:\/\/www.hotelalcantara.es\/wp-content\/uploads\/2025\/08\/varias-04-470x705.jpg);\"  title=\"VARIAS 04\" ><\/div><\/div><\/figure><\/a><!--end av-masonry entry--><a href=\"https:\/\/www.hotelalcantara.es\/wp-content\/uploads\/2025\/08\/varias-05-686x1030.jpg\" data-srcset=\"https:\/\/www.hotelalcantara.es\/wp-content\/uploads\/2025\/08\/varias-05-686x1030.jpg 686w, https:\/\/www.hotelalcantara.es\/wp-content\/uploads\/2025\/08\/varias-05-200x300.jpg 200w, https:\/\/www.hotelalcantara.es\/wp-content\/uploads\/2025\/08\/varias-05-768x1152.jpg 768w, https:\/\/www.hotelalcantara.es\/wp-content\/uploads\/2025\/08\/varias-05-1024x1536.jpg 1024w, https:\/\/www.hotelalcantara.es\/wp-content\/uploads\/2025\/08\/varias-05-1000x1500.jpg 1000w, https:\/\/www.hotelalcantara.es\/wp-content\/uploads\/2025\/08\/varias-05-470x705.jpg 470w, https:\/\/www.hotelalcantara.es\/wp-content\/uploads\/2025\/08\/varias-05.jpg 1333w\" data-sizes=\"(max-width: 686px) 100vw, 686px\"  aria-label=\"immagine VARIAS 05\"  id='av-masonry-1-item-4472' data-av-masonry-item='4472' class='av-masonry-entry isotope-item post-4472 attachment type-attachment status-inherit hentry  av-masonry-item-with-image' title=\"VARIAS 05\" alt=\"\"   ><div class='av-inner-masonry-sizer'><\/div><figure class='av-inner-masonry main_color'><div class=\"av-masonry-outerimage-container\"><div class='av-masonry-image-container' style=\"background-image: url(https:\/\/www.hotelalcantara.es\/wp-content\/uploads\/2025\/08\/varias-05-470x705.jpg);\"  title=\"VARIAS 05\" ><\/div><\/div><\/figure><\/a><!--end av-masonry entry--><a href=\"https:\/\/www.hotelalcantara.es\/wp-content\/uploads\/2025\/08\/varias-06-1030x686.jpg\" data-srcset=\"https:\/\/www.hotelalcantara.es\/wp-content\/uploads\/2025\/08\/varias-06-1030x686.jpg 1030w, https:\/\/www.hotelalcantara.es\/wp-content\/uploads\/2025\/08\/varias-06-300x200.jpg 300w, https:\/\/www.hotelalcantara.es\/wp-content\/uploads\/2025\/08\/varias-06-768x512.jpg 768w, https:\/\/www.hotelalcantara.es\/wp-content\/uploads\/2025\/08\/varias-06-1536x1024.jpg 1536w, https:\/\/www.hotelalcantara.es\/wp-content\/uploads\/2025\/08\/varias-06-1500x1000.jpg 1500w, https:\/\/www.hotelalcantara.es\/wp-content\/uploads\/2025\/08\/varias-06-705x470.jpg 705w, https:\/\/www.hotelalcantara.es\/wp-content\/uploads\/2025\/08\/varias-06.jpg 2000w\" data-sizes=\"(max-width: 1030px) 100vw, 1030px\"  aria-label=\"immagine VARIAS 06\"  id='av-masonry-1-item-4476' data-av-masonry-item='4476' class='av-masonry-entry isotope-item post-4476 attachment type-attachment status-inherit hentry  av-masonry-item-with-image' title=\"VARIAS 06\" alt=\"\"   ><div class='av-inner-masonry-sizer'><\/div><figure class='av-inner-masonry main_color'><div class=\"av-masonry-outerimage-container\"><div class='av-masonry-image-container' style=\"background-image: url(https:\/\/www.hotelalcantara.es\/wp-content\/uploads\/2025\/08\/varias-06-705x470.jpg);\"  title=\"VARIAS 06\" ><\/div><\/div><\/figure><\/a><!--end av-masonry entry--><a href=\"https:\/\/www.hotelalcantara.es\/wp-content\/uploads\/2025\/08\/varias-07-686x1030.jpg\" data-srcset=\"https:\/\/www.hotelalcantara.es\/wp-content\/uploads\/2025\/08\/varias-07-686x1030.jpg 686w, https:\/\/www.hotelalcantara.es\/wp-content\/uploads\/2025\/08\/varias-07-200x300.jpg 200w, https:\/\/www.hotelalcantara.es\/wp-content\/uploads\/2025\/08\/varias-07-768x1152.jpg 768w, https:\/\/www.hotelalcantara.es\/wp-content\/uploads\/2025\/08\/varias-07-1024x1536.jpg 1024w, https:\/\/www.hotelalcantara.es\/wp-content\/uploads\/2025\/08\/varias-07-1000x1500.jpg 1000w, https:\/\/www.hotelalcantara.es\/wp-content\/uploads\/2025\/08\/varias-07-470x705.jpg 470w, https:\/\/www.hotelalcantara.es\/wp-content\/uploads\/2025\/08\/varias-07.jpg 1333w\" data-sizes=\"(max-width: 686px) 100vw, 686px\"  aria-label=\"immagine VARIAS 07\"  id='av-masonry-1-item-4480' data-av-masonry-item='4480' class='av-masonry-entry isotope-item post-4480 attachment type-attachment status-inherit hentry  av-masonry-item-with-image' title=\"VARIAS 07\" alt=\"\"   ><div class='av-inner-masonry-sizer'><\/div><figure class='av-inner-masonry main_color'><div class=\"av-masonry-outerimage-container\"><div class='av-masonry-image-container' style=\"background-image: url(https:\/\/www.hotelalcantara.es\/wp-content\/uploads\/2025\/08\/varias-07-470x705.jpg);\"  title=\"VARIAS 07\" ><\/div><\/div><\/figure><\/a><!--end av-masonry entry--><a href=\"https:\/\/www.hotelalcantara.es\/wp-content\/uploads\/2025\/08\/varias-08-686x1030.jpg\" data-srcset=\"https:\/\/www.hotelalcantara.es\/wp-content\/uploads\/2025\/08\/varias-08-686x1030.jpg 686w, https:\/\/www.hotelalcantara.es\/wp-content\/uploads\/2025\/08\/varias-08-200x300.jpg 200w, https:\/\/www.hotelalcantara.es\/wp-content\/uploads\/2025\/08\/varias-08-768x1152.jpg 768w, https:\/\/www.hotelalcantara.es\/wp-content\/uploads\/2025\/08\/varias-08-1024x1536.jpg 1024w, https:\/\/www.hotelalcantara.es\/wp-content\/uploads\/2025\/08\/varias-08-1000x1500.jpg 1000w, https:\/\/www.hotelalcantara.es\/wp-content\/uploads\/2025\/08\/varias-08-470x705.jpg 470w, https:\/\/www.hotelalcantara.es\/wp-content\/uploads\/2025\/08\/varias-08.jpg 1333w\" data-sizes=\"(max-width: 686px) 100vw, 686px\"  aria-label=\"immagine VARIAS 08\"  id='av-masonry-1-item-4484' data-av-masonry-item='4484' class='av-masonry-entry isotope-item post-4484 attachment type-attachment status-inherit hentry  av-masonry-item-with-image' title=\"VARIAS 08\" alt=\"\"   ><div class='av-inner-masonry-sizer'><\/div><figure class='av-inner-masonry main_color'><div class=\"av-masonry-outerimage-container\"><div class='av-masonry-image-container' style=\"background-image: url(https:\/\/www.hotelalcantara.es\/wp-content\/uploads\/2025\/08\/varias-08-470x705.jpg);\"  title=\"VARIAS 08\" ><\/div><\/div><\/figure><\/a><!--end av-masonry entry--><a href=\"https:\/\/www.hotelalcantara.es\/wp-content\/uploads\/2025\/08\/varias-09-1030x686.jpg\" data-srcset=\"https:\/\/www.hotelalcantara.es\/wp-content\/uploads\/2025\/08\/varias-09-1030x686.jpg 1030w, https:\/\/www.hotelalcantara.es\/wp-content\/uploads\/2025\/08\/varias-09-300x200.jpg 300w, https:\/\/www.hotelalcantara.es\/wp-content\/uploads\/2025\/08\/varias-09-768x512.jpg 768w, https:\/\/www.hotelalcantara.es\/wp-content\/uploads\/2025\/08\/varias-09-1536x1024.jpg 1536w, https:\/\/www.hotelalcantara.es\/wp-content\/uploads\/2025\/08\/varias-09-1500x1000.jpg 1500w, https:\/\/www.hotelalcantara.es\/wp-content\/uploads\/2025\/08\/varias-09-705x470.jpg 705w, https:\/\/www.hotelalcantara.es\/wp-content\/uploads\/2025\/08\/varias-09.jpg 2000w\" data-sizes=\"(max-width: 1030px) 100vw, 1030px\"  aria-label=\"immagine VARIAS 09\"  id='av-masonry-1-item-4488' data-av-masonry-item='4488' class='av-masonry-entry isotope-item post-4488 attachment type-attachment status-inherit hentry  av-masonry-item-with-image' title=\"VARIAS 09\" alt=\"\"   ><div class='av-inner-masonry-sizer'><\/div><figure class='av-inner-masonry main_color'><div class=\"av-masonry-outerimage-container\"><div class='av-masonry-image-container' style=\"background-image: url(https:\/\/www.hotelalcantara.es\/wp-content\/uploads\/2025\/08\/varias-09-705x470.jpg);\"  title=\"VARIAS 09\" ><\/div><\/div><\/figure><\/a><!--end av-masonry entry--><\/div><\/div><\/div><div class='av-flex-placeholder'><\/div>\n<style type=\"text\/css\" data-created_by=\"avia_inline_auto\" id=\"style-css-av-av_one_half-c8fc129dc35fd1ae2a1e410224d39ea8\">\n.flex_column.av-av_one_half-c8fc129dc35fd1ae2a1e410224d39ea8{\nborder-radius:0px 0px 0px 0px;\npadding:0px 0px 0px 0px;\n}\n<\/style>\n<div  class='flex_column av-av_one_half-c8fc129dc35fd1ae2a1e410224d39ea8 av_one_half  avia-builder-el-8  el_after_av_one_half  avia-builder-el-last  flex_column_table_cell av-equal-height-column av-align-top av-zero-column-padding  '     ><\/div><\/div><!--close column table wrapper. Autoclose: 1 -->\n","protected":false},"excerpt":{"rendered":"<p>L&#8217;auditorium occupa lo spazio pi\u00f9 singolare della zona nobile della casa, il cortile, le cui colonne e soffitti a cassettoni, piastrelle e fiori, creano quell&#8217;atmosfera cos\u00ec speciale delle case di Santa Cruz.<\/p>\n","protected":false},"author":1235,"featured_media":2368,"parent":0,"menu_order":40,"comment_status":"closed","ping_status":"closed","template":"","meta":{"footnotes":""},"class_list":["post-2350","page","type-page","status-publish","has-post-thumbnail","hentry"],"yoast_head":"<!-- This site is optimized with the Yoast SEO Premium plugin v27.2 (Yoast SEO v27.4) - https:\/\/yoast.com\/product\/yoast-seo-premium-wordpress\/ -->\n<title>Auditorium Alc\u00e1ntara &#8226; Hotel Alc\u00e1ntara Sevilla<\/title>\n<meta name=\"description\" content=\"L&#039;auditorium occupa lo spazio pi\u00f9 singolare della zona nobile della casa, il cortile, le cui colonne e soffitti a cassettoni, piastrelle e fiori, creano quell&#039;atmosfera cos\u00ec speciale delle case di Santa Cruz.\" \/>\n<meta name=\"robots\" content=\"index, follow, max-snippet:-1, max-image-preview:large, max-video-preview:-1\" \/>\n<link rel=\"canonical\" href=\"https:\/\/www.hotelalcantara.es\/it\/il-flamenco-in-casa\/\" \/>\n<meta property=\"og:locale\" content=\"it_IT\" \/>\n<meta property=\"og:type\" content=\"article\" \/>\n<meta property=\"og:title\" content=\"Il Flamenco in Casa\" \/>\n<meta property=\"og:description\" content=\"L&#039;auditorium occupa lo spazio pi\u00f9 singolare della zona nobile della casa, il cortile, le cui colonne e soffitti a cassettoni, piastrelle e fiori, creano quell&#039;atmosfera cos\u00ec speciale delle case di Santa Cruz.\" \/>\n<meta property=\"og:url\" content=\"https:\/\/www.hotelalcantara.es\/it\/il-flamenco-in-casa\/\" \/>\n<meta property=\"og:site_name\" content=\"Hotel Alc\u00e1ntara Sevilla\" \/>\n<meta property=\"article:publisher\" content=\"https:\/\/www.facebook.com\/hotelalcantarasevilla\" \/>\n<meta property=\"article:modified_time\" content=\"2025-08-13T21:24:15+00:00\" \/>\n<meta property=\"og:image\" content=\"https:\/\/www.hotelalcantara.es\/wp-content\/uploads\/2021\/06\/zaguanconflamenco.jpg\" \/>\n\t<meta property=\"og:image:width\" content=\"1000\" \/>\n\t<meta property=\"og:image:height\" content=\"676\" \/>\n\t<meta property=\"og:image:type\" content=\"image\/jpeg\" \/>\n<meta name=\"twitter:card\" content=\"summary_large_image\" \/>\n<meta name=\"twitter:image\" content=\"https:\/\/www.hotelalcantara.es\/wp-content\/uploads\/2021\/06\/zaguanconflamenco.jpg\" \/>\n<meta name=\"twitter:label1\" content=\"Tempo di lettura stimato\" \/>\n\t<meta name=\"twitter:data1\" content=\"7 minuti\" \/>\n<script type=\"application\/ld+json\" class=\"yoast-schema-graph\">{\"@context\":\"https:\\\/\\\/schema.org\",\"@graph\":[{\"@type\":\"WebPage\",\"@id\":\"https:\\\/\\\/www.hotelalcantara.es\\\/it\\\/il-flamenco-in-casa\\\/\",\"url\":\"https:\\\/\\\/www.hotelalcantara.es\\\/it\\\/il-flamenco-in-casa\\\/\",\"name\":\"Auditorium Alc\u00e1ntara &#8226; Hotel Alc\u00e1ntara Sevilla\",\"isPartOf\":{\"@id\":\"https:\\\/\\\/www.hotelalcantara.es\\\/it\\\/#website\"},\"primaryImageOfPage\":{\"@id\":\"https:\\\/\\\/www.hotelalcantara.es\\\/it\\\/il-flamenco-in-casa\\\/#primaryimage\"},\"image\":{\"@id\":\"https:\\\/\\\/www.hotelalcantara.es\\\/it\\\/il-flamenco-in-casa\\\/#primaryimage\"},\"thumbnailUrl\":\"https:\\\/\\\/www.hotelalcantara.es\\\/wp-content\\\/uploads\\\/2018\\\/07\\\/espectaculo_general.jpg\",\"datePublished\":\"2018-06-27T14:18:14+00:00\",\"dateModified\":\"2025-08-13T21:24:15+00:00\",\"description\":\"L'auditorium occupa lo spazio pi\u00f9 singolare della zona nobile della casa, il cortile, le cui colonne e soffitti a cassettoni, piastrelle e fiori, creano quell'atmosfera cos\u00ec speciale delle case di Santa Cruz.\",\"breadcrumb\":{\"@id\":\"https:\\\/\\\/www.hotelalcantara.es\\\/it\\\/il-flamenco-in-casa\\\/#breadcrumb\"},\"inLanguage\":\"it-IT\",\"potentialAction\":[{\"@type\":\"ReadAction\",\"target\":[\"https:\\\/\\\/www.hotelalcantara.es\\\/it\\\/il-flamenco-in-casa\\\/\"]}]},{\"@type\":\"ImageObject\",\"inLanguage\":\"it-IT\",\"@id\":\"https:\\\/\\\/www.hotelalcantara.es\\\/it\\\/il-flamenco-in-casa\\\/#primaryimage\",\"url\":\"https:\\\/\\\/www.hotelalcantara.es\\\/wp-content\\\/uploads\\\/2018\\\/07\\\/espectaculo_general.jpg\",\"contentUrl\":\"https:\\\/\\\/www.hotelalcantara.es\\\/wp-content\\\/uploads\\\/2018\\\/07\\\/espectaculo_general.jpg\",\"width\":693,\"height\":429},{\"@type\":\"BreadcrumbList\",\"@id\":\"https:\\\/\\\/www.hotelalcantara.es\\\/it\\\/il-flamenco-in-casa\\\/#breadcrumb\",\"itemListElement\":[{\"@type\":\"ListItem\",\"position\":1,\"name\":\"Portada\",\"item\":\"https:\\\/\\\/www.hotelalcantara.es\\\/it\\\/\"},{\"@type\":\"ListItem\",\"position\":2,\"name\":\"Il Flamenco in Casa\"}]},{\"@type\":\"WebSite\",\"@id\":\"https:\\\/\\\/www.hotelalcantara.es\\\/it\\\/#website\",\"url\":\"https:\\\/\\\/www.hotelalcantara.es\\\/it\\\/\",\"name\":\"Hotel Alc\u00e1ntara Sevilla\",\"description\":\"Hotel centro de Sevilla\",\"publisher\":{\"@id\":\"https:\\\/\\\/www.hotelalcantara.es\\\/it\\\/#organization\"},\"potentialAction\":[{\"@type\":\"SearchAction\",\"target\":{\"@type\":\"EntryPoint\",\"urlTemplate\":\"https:\\\/\\\/www.hotelalcantara.es\\\/it\\\/?s={search_term_string}\"},\"query-input\":{\"@type\":\"PropertyValueSpecification\",\"valueRequired\":true,\"valueName\":\"search_term_string\"}}],\"inLanguage\":\"it-IT\"},{\"@type\":[\"Organization\",\"Place\",\"Hotel\"],\"@id\":\"https:\\\/\\\/www.hotelalcantara.es\\\/it\\\/#organization\",\"name\":\"Hotel Alc\u00e1ntara Sevilla\",\"url\":\"https:\\\/\\\/www.hotelalcantara.es\\\/it\\\/\",\"logo\":{\"@id\":\"https:\\\/\\\/www.hotelalcantara.es\\\/it\\\/il-flamenco-in-casa\\\/#local-main-organization-logo\"},\"image\":{\"@id\":\"https:\\\/\\\/www.hotelalcantara.es\\\/it\\\/il-flamenco-in-casa\\\/#local-main-organization-logo\"},\"sameAs\":[\"https:\\\/\\\/www.facebook.com\\\/hotelalcantarasevilla\",\"https:\\\/\\\/www.instagram.com\\\/hotelalcantara\\\/\"],\"description\":\"El hotel Alc\u00e1ntara es un precioso hotel de dos estrellas ubicado en Sevilla centro, en pleno coraz\u00f3n del Barrio de Santa Cruz, en el conjunto hist\u00f3rico y monumental de Sevilla, donde la ciudad despega toda su belleza y misterio. El hotel, inaugurado en 2002, ocupaba en sus comienzos las antiguas dependencias de servicio y el huerto de una casa se\u00f1orial del siglo XV.\",\"legalName\":\"YSASI HOTELES S.L.\",\"foundingDate\":\"2002-01-01\",\"ownershipFundingInfo\":\"https:\\\/\\\/www.hotelalcantara.es\\\/aviso-legal\\\/\",\"address\":{\"@id\":\"https:\\\/\\\/www.hotelalcantara.es\\\/it\\\/il-flamenco-in-casa\\\/#local-main-place-address\"},\"geo\":{\"@type\":\"GeoCoordinates\",\"latitude\":\"37.38628\",\"longitude\":\"-5.9912469\"},\"telephone\":[\"+34954500595\"],\"openingHoursSpecification\":{\"@type\":\"OpeningHoursSpecification\",\"dayOfWeek\":[\"Monday\",\"Tuesday\",\"Wednesday\",\"Thursday\",\"Friday\",\"Saturday\",\"Sunday\"],\"opens\":\"00:00\",\"closes\":\"23:59\"},\"email\":\"info@hotelalcantara.net\",\"vatID\":\"B91036921\",\"taxID\":\"B91036921\",\"currenciesAccepted\":\"EUR,USD,GBP\",\"paymentAccepted\":\"Cash,Visa,AmericanExpress,MasterCard\"},{\"@type\":\"PostalAddress\",\"@id\":\"https:\\\/\\\/www.hotelalcantara.es\\\/it\\\/il-flamenco-in-casa\\\/#local-main-place-address\",\"streetAddress\":\"Xim\u00e9nez de Enciso 28\",\"addressLocality\":\"Sevilla\",\"postalCode\":\"41004\",\"addressRegion\":\"Sevilla\",\"addressCountry\":\"ES\"},{\"@type\":\"ImageObject\",\"inLanguage\":\"it-IT\",\"@id\":\"https:\\\/\\\/www.hotelalcantara.es\\\/it\\\/il-flamenco-in-casa\\\/#local-main-organization-logo\",\"url\":\"https:\\\/\\\/www.hotelalcantara.es\\\/wp-content\\\/uploads\\\/2018\\\/07\\\/hotel-alcantara-logo.png\",\"contentUrl\":\"https:\\\/\\\/www.hotelalcantara.es\\\/wp-content\\\/uploads\\\/2018\\\/07\\\/hotel-alcantara-logo.png\",\"width\":205,\"height\":175,\"caption\":\"Hotel Alc\u00e1ntara Sevilla\"}]}<\/script>\n<meta name=\"geo.placename\" content=\"Sevilla\" \/>\n<meta name=\"geo.position\" content=\"37.38628;-5.9912469\" \/>\n<meta name=\"geo.region\" content=\"Spagna\" \/>\n<!-- \/ Yoast SEO Premium plugin. -->","yoast_head_json":{"title":"Auditorium Alc\u00e1ntara &#8226; Hotel Alc\u00e1ntara Sevilla","description":"L'auditorium occupa lo spazio pi\u00f9 singolare della zona nobile della casa, il cortile, le cui colonne e soffitti a cassettoni, piastrelle e fiori, creano quell'atmosfera cos\u00ec speciale delle case di Santa Cruz.","robots":{"index":"index","follow":"follow","max-snippet":"max-snippet:-1","max-image-preview":"max-image-preview:large","max-video-preview":"max-video-preview:-1"},"canonical":"https:\/\/www.hotelalcantara.es\/it\/il-flamenco-in-casa\/","og_locale":"it_IT","og_type":"article","og_title":"Il Flamenco in Casa","og_description":"L'auditorium occupa lo spazio pi\u00f9 singolare della zona nobile della casa, il cortile, le cui colonne e soffitti a cassettoni, piastrelle e fiori, creano quell'atmosfera cos\u00ec speciale delle case di Santa Cruz.","og_url":"https:\/\/www.hotelalcantara.es\/it\/il-flamenco-in-casa\/","og_site_name":"Hotel Alc\u00e1ntara Sevilla","article_publisher":"https:\/\/www.facebook.com\/hotelalcantarasevilla","article_modified_time":"2025-08-13T21:24:15+00:00","og_image":[{"width":1000,"height":676,"url":"https:\/\/www.hotelalcantara.es\/wp-content\/uploads\/2021\/06\/zaguanconflamenco.jpg","type":"image\/jpeg"}],"twitter_card":"summary_large_image","twitter_image":"https:\/\/www.hotelalcantara.es\/wp-content\/uploads\/2021\/06\/zaguanconflamenco.jpg","twitter_misc":{"Tempo di lettura stimato":"7 minuti"},"schema":{"@context":"https:\/\/schema.org","@graph":[{"@type":"WebPage","@id":"https:\/\/www.hotelalcantara.es\/it\/il-flamenco-in-casa\/","url":"https:\/\/www.hotelalcantara.es\/it\/il-flamenco-in-casa\/","name":"Auditorium Alc\u00e1ntara &#8226; Hotel Alc\u00e1ntara Sevilla","isPartOf":{"@id":"https:\/\/www.hotelalcantara.es\/it\/#website"},"primaryImageOfPage":{"@id":"https:\/\/www.hotelalcantara.es\/it\/il-flamenco-in-casa\/#primaryimage"},"image":{"@id":"https:\/\/www.hotelalcantara.es\/it\/il-flamenco-in-casa\/#primaryimage"},"thumbnailUrl":"https:\/\/www.hotelalcantara.es\/wp-content\/uploads\/2018\/07\/espectaculo_general.jpg","datePublished":"2018-06-27T14:18:14+00:00","dateModified":"2025-08-13T21:24:15+00:00","description":"L'auditorium occupa lo spazio pi\u00f9 singolare della zona nobile della casa, il cortile, le cui colonne e soffitti a cassettoni, piastrelle e fiori, creano quell'atmosfera cos\u00ec speciale delle case di Santa Cruz.","breadcrumb":{"@id":"https:\/\/www.hotelalcantara.es\/it\/il-flamenco-in-casa\/#breadcrumb"},"inLanguage":"it-IT","potentialAction":[{"@type":"ReadAction","target":["https:\/\/www.hotelalcantara.es\/it\/il-flamenco-in-casa\/"]}]},{"@type":"ImageObject","inLanguage":"it-IT","@id":"https:\/\/www.hotelalcantara.es\/it\/il-flamenco-in-casa\/#primaryimage","url":"https:\/\/www.hotelalcantara.es\/wp-content\/uploads\/2018\/07\/espectaculo_general.jpg","contentUrl":"https:\/\/www.hotelalcantara.es\/wp-content\/uploads\/2018\/07\/espectaculo_general.jpg","width":693,"height":429},{"@type":"BreadcrumbList","@id":"https:\/\/www.hotelalcantara.es\/it\/il-flamenco-in-casa\/#breadcrumb","itemListElement":[{"@type":"ListItem","position":1,"name":"Portada","item":"https:\/\/www.hotelalcantara.es\/it\/"},{"@type":"ListItem","position":2,"name":"Il Flamenco in Casa"}]},{"@type":"WebSite","@id":"https:\/\/www.hotelalcantara.es\/it\/#website","url":"https:\/\/www.hotelalcantara.es\/it\/","name":"Hotel Alc\u00e1ntara Sevilla","description":"Hotel centro de Sevilla","publisher":{"@id":"https:\/\/www.hotelalcantara.es\/it\/#organization"},"potentialAction":[{"@type":"SearchAction","target":{"@type":"EntryPoint","urlTemplate":"https:\/\/www.hotelalcantara.es\/it\/?s={search_term_string}"},"query-input":{"@type":"PropertyValueSpecification","valueRequired":true,"valueName":"search_term_string"}}],"inLanguage":"it-IT"},{"@type":["Organization","Place","Hotel"],"@id":"https:\/\/www.hotelalcantara.es\/it\/#organization","name":"Hotel Alc\u00e1ntara Sevilla","url":"https:\/\/www.hotelalcantara.es\/it\/","logo":{"@id":"https:\/\/www.hotelalcantara.es\/it\/il-flamenco-in-casa\/#local-main-organization-logo"},"image":{"@id":"https:\/\/www.hotelalcantara.es\/it\/il-flamenco-in-casa\/#local-main-organization-logo"},"sameAs":["https:\/\/www.facebook.com\/hotelalcantarasevilla","https:\/\/www.instagram.com\/hotelalcantara\/"],"description":"El hotel Alc\u00e1ntara es un precioso hotel de dos estrellas ubicado en Sevilla centro, en pleno coraz\u00f3n del Barrio de Santa Cruz, en el conjunto hist\u00f3rico y monumental de Sevilla, donde la ciudad despega toda su belleza y misterio. El hotel, inaugurado en 2002, ocupaba en sus comienzos las antiguas dependencias de servicio y el huerto de una casa se\u00f1orial del siglo XV.","legalName":"YSASI HOTELES S.L.","foundingDate":"2002-01-01","ownershipFundingInfo":"https:\/\/www.hotelalcantara.es\/aviso-legal\/","address":{"@id":"https:\/\/www.hotelalcantara.es\/it\/il-flamenco-in-casa\/#local-main-place-address"},"geo":{"@type":"GeoCoordinates","latitude":"37.38628","longitude":"-5.9912469"},"telephone":["+34954500595","+34954500595"],"openingHoursSpecification":{"@type":"OpeningHoursSpecification","dayOfWeek":["Monday","Tuesday","Wednesday","Thursday","Friday","Saturday","Sunday"],"opens":"00:00","closes":"23:59"},"email":"info@hotelalcantara.net","vatID":"B91036921","taxID":"B91036921","currenciesAccepted":"EUR,USD,GBP","paymentAccepted":"Cash,Visa,AmericanExpress,MasterCard"},{"@type":"PostalAddress","@id":"https:\/\/www.hotelalcantara.es\/it\/il-flamenco-in-casa\/#local-main-place-address","streetAddress":"Xim\u00e9nez de Enciso 28","addressLocality":"Sevilla","postalCode":"41004","addressRegion":"Sevilla","addressCountry":"ES"},{"@type":"ImageObject","inLanguage":"it-IT","@id":"https:\/\/www.hotelalcantara.es\/it\/il-flamenco-in-casa\/#local-main-organization-logo","url":"https:\/\/www.hotelalcantara.es\/wp-content\/uploads\/2018\/07\/hotel-alcantara-logo.png","contentUrl":"https:\/\/www.hotelalcantara.es\/wp-content\/uploads\/2018\/07\/hotel-alcantara-logo.png","width":205,"height":175,"caption":"Hotel Alc\u00e1ntara Sevilla"}]},"geo.placename":"Sevilla","geo.position":{"lat":"37.38628","long":"-5.9912469"},"geo.region":"Spagna"},"_links":{"self":[{"href":"https:\/\/www.hotelalcantara.es\/it\/wp-json\/wp\/v2\/pages\/2350","targetHints":{"allow":["GET"]}}],"collection":[{"href":"https:\/\/www.hotelalcantara.es\/it\/wp-json\/wp\/v2\/pages"}],"about":[{"href":"https:\/\/www.hotelalcantara.es\/it\/wp-json\/wp\/v2\/types\/page"}],"author":[{"embeddable":true,"href":"https:\/\/www.hotelalcantara.es\/it\/wp-json\/wp\/v2\/users\/1235"}],"replies":[{"embeddable":true,"href":"https:\/\/www.hotelalcantara.es\/it\/wp-json\/wp\/v2\/comments?post=2350"}],"version-history":[{"count":0,"href":"https:\/\/www.hotelalcantara.es\/it\/wp-json\/wp\/v2\/pages\/2350\/revisions"}],"wp:featuredmedia":[{"embeddable":true,"href":"https:\/\/www.hotelalcantara.es\/it\/wp-json\/wp\/v2\/media\/2368"}],"wp:attachment":[{"href":"https:\/\/www.hotelalcantara.es\/it\/wp-json\/wp\/v2\/media?parent=2350"}],"curies":[{"name":"wp","href":"https:\/\/api.w.org\/{rel}","templated":true}]}}